{"id":675,"date":"2021-06-25T20:23:35","date_gmt":"2021-06-25T18:23:35","guid":{"rendered":"https:\/\/ccn-pale.org\/?page_id=675"},"modified":"2021-09-24T13:47:16","modified_gmt":"2021-09-24T11:47:16","slug":"article-12-indemnite-de-mise-a-la-retraite","status":"publish","type":"page","link":"https:\/\/ccn-pale.org\/index.php\/tam\/article-12-indemnite-de-mise-a-la-retraite\/","title":{"rendered":"Article 12 \u2013 Indemnit\u00e9 de mise \u00e0 la retraite"},"content":{"rendered":"\n<p class=\"has-text-color\" style=\"color:#037878\">(Actualis<em>\u00e9 par l&rsquo;accord n\u00b084 du 11 f\u00e9vrier 2010)<\/em><\/p>\n\n\n\n<p>Si une mise \u00e0 la retraite, selon les conditions pr\u00e9vues par le code du travail, intervient \u00e0 partir de l\u2019\u00e2ge de 65 ans, le montant de l\u2019indemnit\u00e9 per\u00e7ue est similaire \u00e0 celui de l\u2019indemnit\u00e9 l\u00e9gale de licenciement.<\/p>\n\n\n\n<div class=\"wp-block-buttons is-layout-flex wp-block-buttons-is-layout-flex\">\n<div class=\"wp-block-button\"><a class=\"wp-block-button__link has-background\" href=\"https:\/\/ccn-pale.org\/index.php\/tam\/article-11-indemnite-de-depart-a-la-retraite\/\" style=\"background-color:#037878\">Article pr\u00e9c\u00e9dent<\/a><\/div>\n<\/div>\n\n\n\n<p><\/p>\n","protected":false},"excerpt":{"rendered":"<p>(Actualis\u00e9 par l&rsquo;accord n\u00b084 du 11 f\u00e9vrier 2010) Si une mise \u00e0 la retraite, selon les conditions pr\u00e9vues par le code du travail, intervient \u00e0 partir de l\u2019\u00e2ge de 65 ans, le montant de l\u2019indemnit\u00e9 per\u00e7ue est similaire \u00e0 celui de l\u2019indemnit\u00e9 l\u00e9gale de licenciement.<\/p>\n","protected":false},"author":1,"featured_media":0,"parent":230,"menu_order":12,"comment_status":"closed","ping_status":"closed","template":"","meta":{"footnotes":""},"class_list":["post-675","page","type-page","status-publish","hentry"],"_links":{"self":[{"href":"https:\/\/ccn-pale.org\/index.php\/wp-json\/wp\/v2\/pages\/675","targetHints":{"allow":["GET"]}}],"collection":[{"href":"https:\/\/ccn-pale.org\/index.php\/wp-json\/wp\/v2\/pages"}],"about":[{"href":"https:\/\/ccn-pale.org\/index.php\/wp-json\/wp\/v2\/types\/page"}],"author":[{"embeddable":true,"href":"https:\/\/ccn-pale.org\/index.php\/wp-json\/wp\/v2\/users\/1"}],"replies":[{"embeddable":true,"href":"https:\/\/ccn-pale.org\/index.php\/wp-json\/wp\/v2\/comments?post=675"}],"version-history":[{"count":3,"href":"https:\/\/ccn-pale.org\/index.php\/wp-json\/wp\/v2\/pages\/675\/revisions"}],"predecessor-version":[{"id":1035,"href":"https:\/\/ccn-pale.org\/index.php\/wp-json\/wp\/v2\/pages\/675\/revisions\/1035"}],"up":[{"embeddable":true,"href":"https:\/\/ccn-pale.org\/index.php\/wp-json\/wp\/v2\/pages\/230"}],"wp:attachment":[{"href":"https:\/\/ccn-pale.org\/index.php\/wp-json\/wp\/v2\/media?parent=675"}],"curies":[{"name":"wp","href":"https:\/\/api.w.org\/{rel}","templated":true}]}}