{"id":275,"date":"2021-06-08T14:20:50","date_gmt":"2021-06-08T12:20:50","guid":{"rendered":"https:\/\/ccn-pale.org\/?page_id=275"},"modified":"2021-08-03T15:25:04","modified_gmt":"2021-08-03T13:25:04","slug":"dg11","status":"publish","type":"page","link":"https:\/\/ccn-pale.org\/index.php\/dispositions-generales\/dg11\/","title":{"rendered":"Article 11 &#8211; Coll\u00e8ges \u00e9lectoraux"},"content":{"rendered":"\n<p>Le personnel de l\u2019\u00e9tablissement, sauf accord intervenu entre les parties sur le nombre des coll\u00e8ges \u00e9lectoraux, est r\u00e9parti, d\u00e8s lors que l\u2019effectif d\u00e9passe 25 salari\u00e9s, au moins en deux coll\u00e8ges :<\/p>\n\n\n\n<p>1\u00b0ouvriers et employ\u00e9s ;<\/p>\n\n\n\n<p>2\u00b0ing\u00e9nieurs, chefs de services, techniciens, agents de ma\u00eetrise et assimil\u00e9s.<\/p>\n\n\n\n<p>La r\u00e9partition du personnel dans les coll\u00e8ges et la r\u00e9partition des si\u00e8ges entre les diff\u00e9rents coll\u00e8ges feront l\u2019objet d\u2019un accord entre le chef d\u2019entreprise et les organisations syndicales repr\u00e9sentatives. Dans le cas o\u00f9 cet accord s\u2019av\u00e9rerait impossible, l&rsquo;inspecteur du travail d\u00e9cidera de cette r\u00e9partition.<\/p>\n\n\n\n<div class=\"wp-block-buttons is-layout-flex wp-block-buttons-is-layout-flex\">\n<div class=\"wp-block-button\"><a class=\"wp-block-button__link has-background\" href=\"https:\/\/ccn-pale.org\/index.php\/dispositions-generales\/dg10\/\" style=\"background-color:#037878\">Article pr\u00e9c\u00e9dent<\/a><\/div>\n\n\n\n<div class=\"wp-block-button is-style-outline is-style-outline--1\"><a class=\"wp-block-button__link has-text-color\" href=\"https:\/\/ccn-pale.org\/index.php\/dispositions-generales\/dg12\/\" style=\"color:#037878\">Article suivant<\/a><\/div>\n<\/div>\n\n\n\n<p><\/p>\n","protected":false},"excerpt":{"rendered":"<p>Le personnel de l\u2019\u00e9tablissement, sauf accord intervenu entre les parties sur le nombre des coll\u00e8ges \u00e9lectoraux, est r\u00e9parti, d\u00e8s lors que l\u2019effectif d\u00e9passe 25 salari\u00e9s, au moins en deux coll\u00e8ges : 1\u00b0ouvriers et employ\u00e9s ; 2\u00b0ing\u00e9nieurs, chefs de services, techniciens, agents de ma\u00eetrise et assimil\u00e9s. &hellip; <\/p>\n","protected":false},"author":1,"featured_media":0,"parent":138,"menu_order":11,"comment_status":"closed","ping_status":"closed","template":"","meta":{"footnotes":""},"class_list":["post-275","page","type-page","status-publish","hentry"],"_links":{"self":[{"href":"https:\/\/ccn-pale.org\/index.php\/wp-json\/wp\/v2\/pages\/275","targetHints":{"allow":["GET"]}}],"collection":[{"href":"https:\/\/ccn-pale.org\/index.php\/wp-json\/wp\/v2\/pages"}],"about":[{"href":"https:\/\/ccn-pale.org\/index.php\/wp-json\/wp\/v2\/types\/page"}],"author":[{"embeddable":true,"href":"https:\/\/ccn-pale.org\/index.php\/wp-json\/wp\/v2\/users\/1"}],"replies":[{"embeddable":true,"href":"https:\/\/ccn-pale.org\/index.php\/wp-json\/wp\/v2\/comments?post=275"}],"version-history":[{"count":7,"href":"https:\/\/ccn-pale.org\/index.php\/wp-json\/wp\/v2\/pages\/275\/revisions"}],"predecessor-version":[{"id":950,"href":"https:\/\/ccn-pale.org\/index.php\/wp-json\/wp\/v2\/pages\/275\/revisions\/950"}],"up":[{"embeddable":true,"href":"https:\/\/ccn-pale.org\/index.php\/wp-json\/wp\/v2\/pages\/138"}],"wp:attachment":[{"href":"https:\/\/ccn-pale.org\/index.php\/wp-json\/wp\/v2\/media?parent=275"}],"curies":[{"name":"wp","href":"https:\/\/api.w.org\/{rel}","templated":true}]}}