{"id":135,"date":"2021-06-01T17:11:47","date_gmt":"2021-06-01T15:11:47","guid":{"rendered":"https:\/\/ccn-pale.org\/?page_id=135"},"modified":"2021-09-24T14:45:15","modified_gmt":"2021-09-24T12:45:15","slug":"article-1-champ-dapplication","status":"publish","type":"page","link":"https:\/\/ccn-pale.org\/index.php\/dispositions-generales\/article-1-champ-dapplication\/","title":{"rendered":"Article 1 &#8211; Champ d&rsquo;application"},"content":{"rendered":"\n<div class=\"wp-block-group\"><div class=\"wp-block-group__inner-container is-layout-flow wp-block-group-is-layout-flow\">\n<div class=\"wp-block-group\"><div class=\"wp-block-group__inner-container is-layout-flow wp-block-group-is-layout-flow\">\n<p class=\"has-black-color has-text-color\">Les dispositions de la pr\u00e9sente convention s\u2019appliquent \u00e0 l\u2019ensemble des salari\u00e9s, et sous les conditions d\u00e9finies pour certaines des garanties sp\u00e9cifiques \u00e0 chaque cat\u00e9gorie de personnel, travaillant sur le territoire m\u00e9tropolitain dans les entreprises dont l\u2019activit\u00e9 ressortit d\u2019un des secteurs d\u2019activit\u00e9s, tels que d\u00e9crits ci-apr\u00e8s&nbsp;:<\/p>\n\n\n\n<div class=\"wp-block-group\"><div class=\"wp-block-group__inner-container is-layout-flow wp-block-group-is-layout-flow\">\n<p class=\"has-black-color has-text-color has-medium-font-size\"><strong>Dans les secteurs des pr\u00e9parations industrielles de produits \u00e0 base de viande<\/strong><\/p>\n<\/div><\/div>\n\n\n\n<p>Cela comprend&nbsp;:<\/p>\n\n\n\n<ul class=\"has-black-color has-text-color wp-block-list\"><li>La fabrication de plats pr\u00e9par\u00e9s \u00e0 base de viande<\/li><li>La pr\u00e9paration de foies gras<\/li><li>La fabrication de produits \u00e0 base de gibiers, volailles, lapins conserv\u00e9s<\/li><\/ul>\n\n\n\n<p class=\"has-black-color has-text-color\">(ces activit\u00e9s sont principalement comprises dans<em> les chapitres 10.13A et 10.85Z de la Nomenclature des Activit\u00e9s Fran\u00e7aises)<\/em><\/p>\n<\/div><\/div>\n\n\n\n<p class=\"has-black-color has-text-color has-medium-font-size\"><strong>Dans l\u2019industrie du poisson<\/strong><\/p>\n\n\n\n<p>Cela comprend&nbsp;:<\/p>\n\n\n\n<ul class=\"has-black-color has-text-color wp-block-list\"><li>Les entreprises de transformation et conservation de poissons crustac\u00e9s et mollusques<\/li><li>La fabrication de plats pr\u00e9par\u00e9s \u00e0 base de poissons, crustac\u00e9s et mollusques&nbsp;;<\/li><li>Les entreprises de salage et saurissage de poisson, et les entreprises de n\u00e9goce, s\u00e9chage et exportation de morue, du canton de F\u00e9camp&nbsp;;<\/li><li>Les entreprises transformant les escargots et les achatines<\/li><\/ul>\n\n\n\n<p class=\"has-black-color has-text-color\"><em>(ces activit\u00e9s sont principalement comprises dans les chapitres 10.20Z et 10.85Z de la Nomenclature des Activit\u00e9s Fran\u00e7aises)<\/em><\/p>\n\n\n\n<p>Cela ne comprend pas&nbsp;:<\/p>\n\n\n\n<ul class=\"has-black-color has-text-color wp-block-list\"><li>Les entreprises de fabrication de farines de poisson<\/li><li>Les entreprises de salage et saurissage de poisson, et les entreprises de n\u00e9goce, s\u00e9chage et exportation de morue, hors du canton de F\u00e9camp&nbsp;<\/li><li>La production d\u2019huiles et graisses de poissons<\/li><\/ul>\n\n\n\n<p class=\"has-black-color has-text-color has-medium-font-size\"><strong>Dans le secteur de la transformation et la conservation des pommes de terre<\/strong><\/p>\n\n\n\n<p>Cela comprend&nbsp;:<\/p>\n\n\n\n<ul class=\"has-black-color has-text-color wp-block-list\"><li>Les entreprises de transformation et de conservation de pommes de terre&nbsp;;<\/li><li><em>La fabrication de plats pr\u00e9par\u00e9s \u00e0 base de pommes de terre&nbsp;;<\/em><\/li><li>Les entreprises de production de pur\u00e9e d\u00e9shydrat\u00e9e, de pommes chips&nbsp;;<\/li><li>La production de farines de pommes de terre<\/li><\/ul>\n\n\n\n<p><em>(ces activit\u00e9s sont principalement comprises dans les chapitres 10.31Z et 10.85Z de la Nomenclature des Activit\u00e9s Fran\u00e7aises)<\/em><\/p>\n\n\n\n<p class=\"has-black-color has-text-color has-medium-font-size\"><strong>Dans le secteur de la transformation et conservation de l\u00e9gumes<\/strong><\/p>\n\n\n\n<p>Cela comprend&nbsp;:<\/p>\n\n\n\n<ul class=\"wp-block-list\"><li>La transformation et la conservation des l\u00e9gumes<\/li><li>La production de plats cuisin\u00e9s et de pr\u00e9parations \u00e0 base de l\u00e9gumes<\/li><\/ul>\n\n\n\n<p>Cela ne comprend pas&nbsp;:<\/p>\n\n\n\n<ul class=\"wp-block-list\"><li>La fabrication de l\u00e9gumes au vinaigre<\/li><\/ul>\n\n\n\n<p><em>(ces activit\u00e9s sont principalement comprises dans les chapitres 10.39A et 10.85Z de la Nomenclature des Activit\u00e9s Fran\u00e7aises)<\/em><\/p>\n\n\n\n<p class=\"has-black-color has-text-color has-medium-font-size\"><strong>Dans le secteur de la transformation et la conservation des fruits<\/strong><\/p>\n\n\n\n<p>Cela comprend&nbsp;:<\/p>\n\n\n\n<ul class=\"wp-block-list\"><li>La transformation et la conservation des fruits<\/li><li>La production de confitures, gel\u00e9es, marmelades et cr\u00e8mes de marrons<\/li><li>La production de compotes et de desserts de fruits<\/li><li>La production de coulis, <em>de plats pr\u00e9par\u00e9s<\/em> et <em>de<\/em> pr\u00e9parations alimentaires, \u00e0 base de fruits<\/li><\/ul>\n\n\n\n<p>Cela ne comprend pas&nbsp;:<\/p>\n\n\n\n<ul class=\"wp-block-list\"><li>Les entreprises se livrant \u00e0 la transformation et au conditionnement du pruneau<\/li><li>La fabrication d\u2019aliments \u00e0 base de fruits \u00e0 coque (\u00e0 l\u2019exclusion des ch\u00e2taignes et marrons autres que confits), arachides et autres graines principalement consomm\u00e9s \u00e0 l\u2019ap\u00e9ritif&nbsp;;<\/li><li>La fabrication des fruits confits<\/li><li>La production d\u2019aliments adapt\u00e9s \u00e0 l\u2019enfant et d\u2019aliments di\u00e9t\u00e9tiques<\/li><\/ul>\n\n\n\n<p><em>(ces activit\u00e9s sont principalement comprises dans les chapitres 10.39B et 10.85Z de la Nomenclature des Activit\u00e9s Fran\u00e7aises)<\/em><\/p>\n\n\n\n<p class=\"has-black-color has-text-color has-medium-font-size\"><strong>La fabrication industrielle de pizzas, quiches, tartes, tourtes, <em>sandwiches<\/em> \u2026<\/strong><\/p>\n\n\n\n<p><em>(ces activit\u00e9s sont principalement comprises dans les chapitres 10.85Z et 10.89Z de la Nomenclature des Activit\u00e9s Fran\u00e7aises)<\/em><\/p>\n\n\n\n<p class=\"has-black-color has-text-color has-medium-font-size\"><strong>Dans le secteur de la fabrication de p\u00e2tes alimentaires<\/strong><\/p>\n\n\n\n<p>Cela comprend&nbsp;:<\/p>\n\n\n\n<ul class=\"wp-block-list\"><li>La fabrication de p\u00e2tes alimentaires fra\u00eeches<\/li><li>La fabrication de couscous garni<\/li><li>La fabrication de p\u00e2tes cuites et\/ou farcies<\/li><li><em>La fabrication de plats pr\u00e9par\u00e9s \u00e0 base de p\u00e2tes<\/em><\/li><\/ul>\n\n\n\n<p><em>(ces activit\u00e9s sont principalement comprises dans les chapitres 10.73Z et 10.85 Z de la Nomenclature des Activit\u00e9s Fran\u00e7aises)<\/em><\/p>\n\n\n\n<p>Cela ne comprend pas&nbsp;:<\/p>\n\n\n\n<ul class=\"wp-block-list\"><li>La fabrication de p\u00e2tes alimentaires s\u00e8ches<\/li><\/ul>\n\n\n\n<p>Ces dispositions de la convention collective ne s\u2019appliquent pas aux coop\u00e9ratives agricoles, unions de coop\u00e9ratives et SICA fabriquant des conserves.<\/p>\n\n\n\n<p>Les travailleurs \u00e0 domicile ne sont pas compris dans le champ d\u2019application de la pr\u00e9sente convention.<\/p>\n\n\n\n<p>Les travailleurs saisonniers b\u00e9n\u00e9ficient des dispositions de la pr\u00e9sente convention collective lorsqu\u2019ils ont travaill\u00e9 pendant au moins 1200 heures r\u00e9parties sur au plus 8 mois d\u2019une m\u00eame ann\u00e9e civile.<\/p>\n\n\n\n<p id=\"intermittents1\">Les travailleurs intermittents b\u00e9n\u00e9ficient des dispositions de la pr\u00e9sente convention lorsqu\u2019ils ont travaill\u00e9 dans l\u2019entreprise consid\u00e9r\u00e9e, pendant au moins 1200 heures r\u00e9parties sur moins de 10 mois d\u2019une m\u00eame ann\u00e9e civile et pr\u00e9vus au contrat de travail.<\/p>\n\n\n\n<p>Toutefois, les travailleurs saisonniers et les travailleurs intermittents b\u00e9n\u00e9ficient, le cas \u00e9ch\u00e9ant, d\u00e8s leur entr\u00e9e dans l&rsquo;entreprise des dispositions des articles 20 et 26 et de certaines dispositions de l&rsquo;article 33 ainsi que certaines dispositions de l&rsquo;article 40.<\/p>\n<\/div><\/div>\n\n\n\n<div class=\"wp-block-buttons is-layout-flex wp-block-buttons-is-layout-flex\">\n<div class=\"wp-block-button is-style-outline is-style-outline--1\"><a class=\"wp-block-button__link has-text-color\" href=\"https:\/\/ccn-pale.org\/index.php\/article-2-conventions-collectives\/\" style=\"color:#037878\">Article suivant<\/a><\/div>\n<\/div>\n\n\n\n<p><\/p>\n","protected":false},"excerpt":{"rendered":"<p>Les dispositions de la pr\u00e9sente convention s\u2019appliquent \u00e0 l\u2019ensemble des salari\u00e9s, et sous les conditions d\u00e9finies pour certaines des garanties sp\u00e9cifiques \u00e0 chaque cat\u00e9gorie de personnel, travaillant sur le territoire m\u00e9tropolitain dans les entreprises dont l\u2019activit\u00e9 ressortit d\u2019un des secteurs d\u2019activit\u00e9s, tels que d\u00e9crits ci-apr\u00e8s&nbsp;: &hellip; <\/p>\n","protected":false},"author":1,"featured_media":0,"parent":138,"menu_order":1,"comment_status":"closed","ping_status":"closed","template":"","meta":{"footnotes":""},"class_list":["post-135","page","type-page","status-publish","hentry"],"_links":{"self":[{"href":"https:\/\/ccn-pale.org\/index.php\/wp-json\/wp\/v2\/pages\/135","targetHints":{"allow":["GET"]}}],"collection":[{"href":"https:\/\/ccn-pale.org\/index.php\/wp-json\/wp\/v2\/pages"}],"about":[{"href":"https:\/\/ccn-pale.org\/index.php\/wp-json\/wp\/v2\/types\/page"}],"author":[{"embeddable":true,"href":"https:\/\/ccn-pale.org\/index.php\/wp-json\/wp\/v2\/users\/1"}],"replies":[{"embeddable":true,"href":"https:\/\/ccn-pale.org\/index.php\/wp-json\/wp\/v2\/comments?post=135"}],"version-history":[{"count":18,"href":"https:\/\/ccn-pale.org\/index.php\/wp-json\/wp\/v2\/pages\/135\/revisions"}],"predecessor-version":[{"id":1090,"href":"https:\/\/ccn-pale.org\/index.php\/wp-json\/wp\/v2\/pages\/135\/revisions\/1090"}],"up":[{"embeddable":true,"href":"https:\/\/ccn-pale.org\/index.php\/wp-json\/wp\/v2\/pages\/138"}],"wp:attachment":[{"href":"https:\/\/ccn-pale.org\/index.php\/wp-json\/wp\/v2\/media?parent=135"}],"curies":[{"name":"wp","href":"https:\/\/api.w.org\/{rel}","templated":true}]}}